{"id":2171,"date":"2025-12-15T17:03:23","date_gmt":"2025-12-15T20:03:23","guid":{"rendered":"https:\/\/congregacioncristiana.org.ar\/?page_id=2171"},"modified":"2025-12-15T17:03:24","modified_gmt":"2025-12-15T20:03:24","slug":"circular-12-08-2025","status":"publish","type":"page","link":"https:\/\/congregacioncristiana.org.ar\/index.php\/circular-12-08-2025\/","title":{"rendered":"Circular 12\/08\/2025"},"content":{"rendered":"\n<h2 class=\"wp-block-heading\">COMUNICADO AL MINISTERIO Y HERMANDAD EN GENERAL DE LA CONGREGACI\u00d3N CRISTIANA EN LA ARGENTINA<\/h2>\n\n\n\n<h3 class=\"wp-block-heading\"><strong>COLECTA ESPECIAL REUNI\u00d3N GENERAL DE ENSE\u00d1ANZAS<\/strong><\/h3>\n\n\n\n<p class=\"has-text-align-right\">Buenos Aires, 12 de Agosto de 2025<\/p>\n\n\n\n<p>A la hermandad y Ministerio en general.<\/p>\n\n\n\n<p>La Paz de Dios, sea con todos, Am\u00e9n.<\/p>\n\n\n\n<p>Por medio de la presente, el Ministerio de la Congregaci\u00f3n Cristiana en la Argentina, consider\u00f3 necesario hacer llegar esta circular a todas las casas de oraciones y transmisiones on-line, a fin de informar la apertura de la colecta nacional para la <strong>Reuni\u00f3n General de Ense\u00f1anzas<\/strong>, que se llevar\u00e1 a cabo en mes de octubre en este pa\u00eds.<\/p>\n\n\n\n<p>Estos fondos que Dios prepara, son para hacer una sola caja a nivel Nacional, a fin de solventar los gastos y traslados de hermanos para esta reuni\u00f3n de Ministerio, que llegan desde distintos puntos del pa\u00eds para asistir a la misma.<\/p>\n\n\n\n<p>Esta ofrenda se abrir\u00e1 el <strong>15 de agosto<\/strong> y se cerrar\u00e1 el d\u00eda <strong>31 de octubre<\/strong> del corriente a\u00f1o. El ingreso de este fruto ser\u00e1 por medio de sobres a colocar en la ranura de Especiales en la caja de ofrendas.<\/p>\n\n\n\n<p>Transferencias QR, los c\u00f3digos se encontraran en la parte superior de las cajas de ofrendas.<\/p>\n\n\n\n<figure class=\"wp-block-image size-full\"><img loading=\"lazy\" decoding=\"async\" width=\"467\" height=\"387\" src=\"https:\/\/congregacioncristiana.org.ar\/wp-content\/uploads\/2025\/08\/QR_RGE_2025-1.png\" alt=\"\" class=\"wp-image-2163\" srcset=\"https:\/\/congregacioncristiana.org.ar\/wp-content\/uploads\/2025\/08\/QR_RGE_2025-1.png 467w, https:\/\/congregacioncristiana.org.ar\/wp-content\/uploads\/2025\/08\/QR_RGE_2025-1-300x249.png 300w\" sizes=\"auto, (max-width: 467px) 100vw, 467px\" \/><\/figure>\n","protected":false},"excerpt":{"rendered":"<p>COMUNICADO AL MINISTERIO Y HERMANDAD EN GENERAL DE LA CONGREGACI\u00d3N CRISTIANA EN LA ARGENTINA COLECTA ESPECIAL REUNI\u00d3N GENERAL DE ENSE\u00d1ANZAS Buenos Aires, 12 de Agosto de 2025 A la hermandad y Ministerio en general. La Paz de Dios, sea con todos, Am\u00e9n. Por medio de la presente, el Ministerio de la Congregaci\u00f3n Cristiana en la <a href=\"https:\/\/congregacioncristiana.org.ar\/index.php\/circular-12-08-2025\/\" rel=\"nofollow\"><span class=\"sr-only\">Leer m\u00e1s sobreCircular 12\/08\/2025<\/span>[&hellip;]<\/a><\/p>\n","protected":false},"author":1,"featured_media":0,"parent":0,"menu_order":0,"comment_status":"closed","ping_status":"closed","template":"","meta":{"footnotes":""},"class_list":["post-2171","page","type-page","status-publish","hentry"],"_links":{"self":[{"href":"https:\/\/congregacioncristiana.org.ar\/index.php\/wp-json\/wp\/v2\/pages\/2171","targetHints":{"allow":["GET"]}}],"collection":[{"href":"https:\/\/congregacioncristiana.org.ar\/index.php\/wp-json\/wp\/v2\/pages"}],"about":[{"href":"https:\/\/congregacioncristiana.org.ar\/index.php\/wp-json\/wp\/v2\/types\/page"}],"author":[{"embeddable":true,"href":"https:\/\/congregacioncristiana.org.ar\/index.php\/wp-json\/wp\/v2\/users\/1"}],"replies":[{"embeddable":true,"href":"https:\/\/congregacioncristiana.org.ar\/index.php\/wp-json\/wp\/v2\/comments?post=2171"}],"version-history":[{"count":1,"href":"https:\/\/congregacioncristiana.org.ar\/index.php\/wp-json\/wp\/v2\/pages\/2171\/revisions"}],"predecessor-version":[{"id":2172,"href":"https:\/\/congregacioncristiana.org.ar\/index.php\/wp-json\/wp\/v2\/pages\/2171\/revisions\/2172"}],"wp:attachment":[{"href":"https:\/\/congregacioncristiana.org.ar\/index.php\/wp-json\/wp\/v2\/media?parent=2171"}],"curies":[{"name":"wp","href":"https:\/\/api.w.org\/{rel}","templated":true}]}}